{"id":29,"date":"2023-04-11T14:56:01","date_gmt":"2023-04-11T12:56:01","guid":{"rendered":"http:\/\/localhost\/zawila\/?page_id=29"},"modified":"2023-07-11T13:26:02","modified_gmt":"2023-07-11T11:26:02","slug":"polityka-prywatnosci","status":"publish","type":"page","link":"https:\/\/www.zawila65.pl\/en\/polityka-prywatnosci\/","title":{"rendered":"Informacje prawne"},"content":{"rendered":"<div class=\"wp-block-columns is-layout-flex wp-container-core-columns-is-layout-9d6595d7 wp-block-columns-is-layout-flex\">\n<div class=\"wp-block-column is-layout-flow wp-block-column-is-layout-flow\">\n<h2 class=\"wp-block-heading\">Polityka prywatno\u015bci:<\/h2>\n\n\n\n<p>Niniejsza polityka prywatno\u015bci ma zastosowanie do danych osobowych przekazanych nam poprzez stron\u0119 internetow\u0105 <a href=\"http:\/\/www.zawila65.pl\/en\/\">www.zawila65.pl<\/a>&nbsp; jak r\u00f3wnie\u017c danych osobowych pozyskanych przez nas w toku bie\u017c\u0105cej dzia\u0142alno\u015bci gospodarczej, przy czym do:<\/p>\n\n\n\n<p>a) danych osobowych przetwarzanych w zwi\u0105zku z przygotowaniem, zawieraniem i realizacj\u0105 um\u00f3w, a tak\u017ce czynno\u015bciom poprzedzaj\u0105cym zawarcie umowy (w tym proces ofertowy, czynno\u015bci marketingowe) &#8211; bardziej szczeg\u00f3\u0142owe zasady przetwarzania tych danych osobowych zawiera klauzula informacyjna, znajduj\u0105 si\u0119 tutaj;<\/p>\n\n\n\n<p>b) danych osobowych przetwarzanych przez PB START w toku proces\u00f3w rekrutacyjnych &#8211; bardziej szczeg\u00f3\u0142owe zasady przetwarzania tych danych osobowych zawiera klauzula informacyjna, znajduj\u0105ca si\u0119 tutaj;<\/p>\n\n\n\n<p>c) danych osobowych przetwarzanych na potrzeby funkcjonowania system\u00f3w kontroli dost\u0119pu do obiekt\u00f3w oraz danych osobowych pozyskanych z monitoringu wizyjnego &#8211; bardziej szczeg\u00f3\u0142owe zasady przetwarzania tych danych osobowych zawiera klauzula informacyjna, znajduj\u0105ca si\u0119 tutaj;<\/p>\n\n\n\n<p>d) danych osobowych z plik\u00f3w cookies przetwarzanych na potrzeby techniczne, informacji dotycz\u0105cej statystyki korzystania przez u\u017cytkownik\u00f3w ze strony <a href=\"http:\/\/www.zawila65.pl\/en\/\">www.zawila65.pl<\/a>, dopasowania produkt\u00f3w do potrzeb klient\u00f3w oraz na potrzeby marketingowe &#8211; bardziej szczeg\u00f3\u0142owe zasady przetwarzania tych danych osobowych zawiera klauzula informacyjna, znajduj\u0105ca si\u0119 tutaj.<\/p>\n\n\n\n<p>Wskazane wy\u017cej klauzule informuj\u0105 w spos\u00f3b wyczerpuj\u0105cy o zasadach przetwarzania przez nas danych osobowych w celach, do jakich zosta\u0142y sporz\u0105dzone.&nbsp;<\/p>\n\n\n\n<p>Wiedza, \u017ce Twoja prywatno\u015b\u0107 jest dla nas bardzo wa\u017cna i dok\u0142adamy wszelkich stara\u0144, aby zapewni\u0107 wysoki poziom ochrony przetwarzanych przez nas danych osobowych.<\/p>\n\n\n\n<p>Przypominamy, \u017ce od 25 maja 2018 roku stosuje si\u0119 w Polsce Rozporz\u0105dzenie Parlamentu Europejskiego i Rady (UE) 2016\/679 z dnia 27 kwietnia 2016 r. w sprawie ochrony os\u00f3b fizycznych w zwi\u0105zku z przetwarzaniem danych osobowych i w sprawie swobodnego przep\u0142ywu takich danych oraz uchylenia dyrektywy 95\/46\/WE (dalej \u201eRODO\u201d). Nasza polityka prywatno\u015bci jest zgodna z RODO.<\/p>\n\n\n\n<h2 class=\"wp-block-heading\">Sp\u00f3\u0142ka stosuj\u0105ca niniejsz\u0105 polityk\u0119 prywatno\u015bci:&nbsp;<\/h2>\n\n\n\n<p>Przedsi\u0119biorstwo Budowlane START G. Szmolke, M. Szmolke sp\u00f3\u0142ka jawna z siedzib\u0105 w Krakowie \u2013 (zwana dalej PB START)<\/p>\n\n\n\n<p><strong>My, czyli Administrator<\/strong> &#8211; Sp\u00f3\u0142ka Przedsi\u0119biorstwo Budowlane START G. Szmolke, M. Szmolke sp\u00f3\u0142ka jawna z siedzib\u0105 w Krakowie (PB START).<\/p>\n\n\n\n<p><strong>Ty &#8211;<\/strong> osoba fizyczna kt\u00f3rej dane osobowe Administrator przetwarza w co najmniej jednym z cel\u00f3w wskazanym w niniejszej polityce prywatno\u015bci. Pozwalamy sobie na zwrot bezpo\u015bredni dla lepszej czytelno\u015bci tekstu.<\/p>\n\n\n\n<h2 class=\"wp-block-heading\">Jaki jest cel, podstawa i czas przetwarzania Twoich danych osobowych przez Administratora?<\/h2>\n\n\n\n<p>Twoje dane osobowe b\u0119d\u0105 przez nas przetwarzane w konkretnych, wyra\u017anych i prawnie uzasadnionych celach i nieprzetwarzane dalej w spos\u00f3b niezgodny z tymi celami.<\/p>\n\n\n\n<p>Wykorzystujemy Twoje dane osobowe:<\/p>\n\n\n\n<p>1)  na podstawie art. 6 ust.1 a RODO tj. na podstawie udzielonej przez Ciebie zgody:&nbsp;<\/p>\n\n\n\n<p>a. &nbsp;w celu przeprowadzenia procesu rekrutacji \u2013 do czasu ewentualnego cofni\u0119cia zgody i nie d\u0142u\u017cej ni\u017c do up\u0142ywu okresu przedawnienia ewentualnych roszcze\u0144,<\/p>\n\n\n\n<p>b. na podstawie art.&nbsp; 6 ust.1 a. RODO tj. na podstawie udzielonej przez Ciebie zgody \u2013 przetwarzamy niekt\u00f3re Twoje dane osobowe zebrane za pomoc\u0105 plik\u00f3w cookies w celu&nbsp; zapewnieniu sprawnego funkcjonowania strony internetowej zawi\u0142a65.pl, mo\u017cliwo\u015bci wykonywania statystyk u\u017cytkownik\u00f3w odwiedzaj\u0105cych wskazane strony,&nbsp; dopasowania oferowanych produkt\u00f3w do preferencji naszych klient\u00f3w oraz prowadzenia dzia\u0142a\u0144 marketingowych&nbsp; (zbieranie danych za po\u015brednictwem plik\u00f3w cookies) \u2013 do czasu ewentualnego cofni\u0119cia zgody i nie d\u0142u\u017cej ni\u017c do up\u0142ywu okresu przedawnienia ewentualnych roszcze\u0144;<\/p>\n\n\n\n<p>2) na podstawie art. 6 ust. 1 lit. b RODO w celu:<\/p>\n\n\n\n<p>a. zawarcia i realizacji umowy z Tob\u0105 &#8211; przez czas przygotowania umowy i trwania zobowi\u0105za\u0144 umownych,&nbsp;<\/p>\n\n\n\n<p>b. wystawiania i przechowywania faktur oraz dokument\u00f3w ksi\u0119gowych zwi\u0105zanych z umow\u0105 &#8211; przez okres przechowywania dokumentacji wymagany przez odr\u0119bne przepisy,&nbsp;<\/p>\n\n\n\n<p>c. dope\u0142nienia innych dzia\u0142a\u0144 niezb\u0119dnych do wykonywania umowy (np. prowadzenie rachunku powierniczego) &#8211; przez czas przygotowania umowy i trwania zobowi\u0105za\u0144 umownych,<\/p>\n\n\n\n<p>d. udost\u0119pnienia Twoich danych podmiotom i osobom dla zawarcia i realizacji umowy z Tob\u0105 (np. notariuszowi, bankowi w zwi\u0105zku z udzielanym kredytem lub przelewem wierzytelno\u015bci) &#8211; przez czas przygotowania umowy i trwania zobowi\u0105za\u0144 umownych oraz w ka\u017cdym ww. przypadku nie d\u0142u\u017cej ni\u017c do up\u0142ywu okresu przedawnienia ewentualnych roszcze\u0144;&nbsp;&nbsp;<\/p>\n\n\n\n<p>3. na podstawie art. 6 ust. 1 lit. c RODO w celu:&nbsp;<\/p>\n\n\n\n<p>a. przeprowadzania audyt\u00f3w sprawozda\u0144 finansowych, tj. do wykonywania ci\u0105\u017c\u0105cych na nas obowi\u0105zk\u00f3w prawnych na podstawie art. 6 ust. 1 lit. c RODO przez czas trwania tych obowi\u0105zk\u00f3w,&nbsp;<\/p>\n\n\n\n<p>b. w celu zapewnienia bezpiecze\u0144stwa sieci i systemu informatycznego \u2013 przez okres funkcjonowania naszych system\u00f3w informatycznych;&nbsp;&nbsp;<\/p>\n\n\n\n<p>4) na podstawie art. 6 ust. 1 lit. f RODO dla cel\u00f3w wynikaj\u0105cych z naszego prawnie usprawiedliwionego interesu to jest:<\/p>\n\n\n\n<p>a. prowadzenia dzia\u0142a\u0144 marketingowych przez PB START (innych ni\u017c wskazanych w pkt b. &#8211; przez okres nie d\u0142u\u017cszy ni\u017c do up\u0142ywu okresu przedawnienia ewentualnych roszcze\u0144,<\/p>\n\n\n\n<p>b. prowadzenia dzia\u0142a\u0144 marketingowych, w tym marketingu bezpo\u015bredniego i reklam profilowanych oferty PB START, prowadzonych przez nas lub podmioty trzecie na podstawie Twojej zgody &#8211; do czasu wniesienia sprzeciwu oraz nie d\u0142u\u017cej ni\u017c do up\u0142ywu okresu przedawnienia ewentualnych roszcze\u0144,&nbsp;<\/p>\n\n\n\n<p>c. rejestrowania Ci\u0119 do udzia\u0142u w konkursach i wydarzeniach organizowanych przez PB START oraz umo\u017cliwienia Ci wzi\u0119cia udzia\u0142u w konkursie lub wydarzeniu &#8211; przez okres nie d\u0142u\u017cszy ni\u017c do up\u0142ywu okresu przedawnienia ewentualnych roszcze\u0144,\u00a0<\/p>\n\n\n\n<p>d. udzia\u0142u w programach lojalno\u015bciowych PB START &#8211; przez okres nie d\u0142u\u017cszy ni\u017c do up\u0142ywu okresu przedawnienia ewentualnych roszcze\u0144,<\/p>\n\n\n\n<p>e. udzielenia odpowiedzi na pytania, zadane nam podczas rozmowy telefonicznej, a w razie konieczno\u015bci do ponownego skontaktowania si\u0119 z Tob\u0105 w celach zwi\u0105zanych z przedstawieniem i om\u00f3wieniem oferty, kt\u00f3r\u0105 wyrazi\u0142e\u015b zainteresowanie &#8211; przez okres nie d\u0142u\u017cszy ni\u017c do up\u0142ywu okresu przedawnienia ewentualnych roszcze\u0144,<\/p>\n\n\n\n<p>f. udzielenia odpowiedzi na zapytanie ofertowe, przes\u0142ane przez Ciebie poprzez formularz kontaktowy znajduj\u0105cy na stronie internetowej <a href=\"http:\/\/www.zawila65.pl\/en\/\">www.zawila65.pl<\/a> &#8211; przez okres nie d\u0142u\u017cszy ni\u017c do up\u0142ywu okresu przedawnienia ewentualnych roszcze\u0144,<\/p>\n\n\n\n<p>g. kontaktowania si\u0119 z Tob\u0105 w bie\u017c\u0105cych sprawach zwi\u0105zanych ze wsp\u00f3\u0142prac\u0105 gospodarcz\u0105, w tym w sprawie wykonywania um\u00f3w mi\u0119dzy nami a Tob\u0105 lub Twoim pracodawc\u0105, lub podmiotem, kt\u00f3ry reprezentujesz, otrzymywania zlece\u0144, przedstawiania ofert, udzielania odpowiedzi na zadane nam pytania drog\u0105 telefoniczn\u0105 lub mailow\u0105 &#8211; przez okres trwania wsp\u00f3\u0142pracy oraz nie d\u0142u\u017cej ni\u017c do up\u0142ywu okresu przedawnienia ewentualnych roszcze\u0144,<\/p>\n\n\n\n<p>h. podejmowania ochrony przed ewentualnymi roszczeniami lub dochodzenia ewentualnych roszcze\u0144 zwi\u0105zanych z umow\u0105 zawart\u0105 z Tob\u0105 lub z podmiotem, w kt\u00f3rym pracujesz lub kt\u00f3ry reprezentujesz, czyli naszym kontrahentem &#8211; przez okres nie d\u0142u\u017cszy ni\u017c do up\u0142ywu okresu przedawnienia ewentualnych roszcze\u0144,&nbsp;<\/p>\n\n\n\n<p>i. przeprowadzania audyt\u00f3w na nasze potrzeby (przez czas trwania czynno\u015bci audytowych) &#8211; przez okres nie d\u0142u\u017cszy ni\u017c do up\u0142ywu okresu przedawnienia ewentualnych roszcze\u0144,&nbsp;<\/p>\n\n\n\n<p>j. zapewnienia bezpiecze\u0144stwa os\u00f3b przebywaj\u0105cych w obiektach lub na terenie nieruchomo\u015bci PB START (w tym pracownik\u00f3w, najemc\u00f3w, kontrahent\u00f3w,&nbsp; go\u015bci) i mienia, a tak\u017ce w celu zachowania ochrony informacji, kt\u00f3rej ujawnienie mog\u0142oby nara\u017cenie administratora na szkod\u0119 oraz dochodzenia, ustalenia lub obrony roszcze\u0144 \u2013 przez okres (w przypadku danych pozyskanych z monitoringu) nie d\u0142u\u017cej ni\u017c 3 miesi\u0105ce, a w przypadku danych osobowych przetwarzanych na potrzeby system\u00f3w kontroli dost\u0119pu &#8211; nie d\u0142u\u017cej ni\u017c do czasu przedawnienia ewentualnych roszcze\u0144, chyba \u017ce dane z monitoringu lub systemu kontroli dost\u0119pu b\u0119d\u0105 stanowi\u0107 dow\u00f3d w post\u0119powaniu prowadzonym przez w\u0142a\u015bciwy&nbsp; organ &#8211; w\u00f3wczas do czasu niezb\u0119dnego dla prawomocnego zako\u0144czenia postepowania,&nbsp;<\/p>\n\n\n\n<p>k. zapewnieniu sprawnego funkcjonowania strony internetowej zawi\u0142a65.pl, mo\u017cliwo\u015bci wykonywania statystyk u\u017cytkownik\u00f3w odwiedzaj\u0105cych wskazan\u0105 stron\u0119, dopasowania oferowanych produkt\u00f3w do preferencji naszych klient\u00f3w oraz prowadzenia dzia\u0142a\u0144 marketingowych (zbieranie cz\u0119\u015bci danych za po\u015brednictwem plik\u00f3w cookies) \u2013 przez okres do czasu wniesienia ewentualnego sprzeciwu,&nbsp;<\/p>\n\n\n\n<p>l. w celu zapewnienia w\u0142a\u015bciwego przebiegu rekrutacji przez okres nie d\u0142u\u017cszy ni\u017c do up\u0142ywu okresu przedawnienia ewentualnych roszcze\u0144.<\/p>\n\n\n\n<p>Je\u017celi przetwarzanie Twoich danych osobowych b\u0119dzie niezb\u0119dne do cel\u00f3w wynikaj\u0105cych z prawnie uzasadnionych interes\u00f3w realizowanych przez PB START (art. 6 ust.1 lit f. RODO) mo\u017cesz wnie\u015b\u0107 sprzeciw wobec przetwarzana Twoich danych osobowych zwi\u0105zany z Twoj\u0105 szczeg\u00f3ln\u0105 sytuacj\u0105. W takim wypadku nie b\u0119dziemy dalej przetwarza\u0107 Twoich danych osobowych, chyba \u017ce b\u0119d\u0105 istnie\u0107 wa\u017cne prawnie uzasadnione podstawy do przetwarzania, nadrz\u0119dne wobec interes\u00f3w, praw i wolno\u015bci osoby, kt\u00f3rej dane dotycz\u0105, lub podstawy do ustalenia, dochodzenia lub obrony roszcze\u0144.&nbsp;<\/p>\n\n\n\n<p>Ponadto wskazujemy, \u017ce je\u017celi podstaw\u0105 przetwarzania danych osobowych jest Twoja zgoda wycofanie zgody na przetwarzanie danych osobowych nie wp\u0142ywa na zgodno\u015b\u0107 z prawem przetwarzania, kt\u00f3rego dokonano na podstawie zgody przed jej wycofaniem.<\/p>\n<\/div>\n\n\n\n<div class=\"wp-block-column is-layout-flow wp-block-column-is-layout-flow\">\n<h2 class=\"wp-block-heading\">Informacja o przetwarzaniu danych osobowych przekazanych przez stron\u0119 internetow\u0105 <a href=\"http:\/\/www.zawila65.pl\/en\/\">www.zawila65.pl<\/a> oraz pozyskanych przez PB START w toku bie\u017c\u0105cej dzia\u0142alno\u015bci gospodarczej.<\/h2>\n\n\n\n<p>Jakkolwiek mo\u017cesz przegl\u0105da\u0107 nasz\u0105 stron\u0119 internetow\u0105 bez podawania swoich danych osobowych, to musisz wiedzie\u0107, \u017ce gdy podajesz nam informacj\u0119 o sobie za po\u015brednictwem formularza kontaktowego, aplikacji callpage, lub wysy\u0142asz do nas wiadomo\u015b\u0107 e-mail, to podajesz nam swoje dane osobowe, a my mamy obowi\u0105zek je chroni\u0107. To samo dzieje si\u0119, gdy przekazujesz nam swoj\u0105 wizyt\u00f3wk\u0119 na spotkaniu lub kontaktujesz si\u0119 z nami telefonicznie.<\/p>\n\n\n\n<h2 class=\"wp-block-heading\">Kto jest administratorem Twoich danych osobowych w takiej sytuacji?<\/h2>\n\n\n\n<p>Administratorem, czyli podmiotem decyduj\u0105cym jak b\u0119d\u0105 wykorzystane Twoje dane osobowe jest:&nbsp;<\/p>\n\n\n\n<p>Sp\u00f3\u0142ka Przedsi\u0119biorstwo Budowlane START G. Szmolke, M. Szmolke sp\u00f3\u0142ka jawna z siedzib\u0105 w Krakowie przy ul. Twardowskiego 65, wpisana do rejestru przedsi\u0119biorc\u00f3w prowadzonego przez S\u0105d Rejonowy w Krakowie, XI Wydzia\u0142 Gospodarczy Krajowego Rejestru S\u0105dowego pod numerem KRS 0000153221 (dalej r\u00f3wnie\u017c \u201eAdministrator\u201d lub \u201ePB START\u201d).<\/p>\n\n\n\n<h2 class=\"wp-block-heading\">Jak si\u0119 z nami skontaktowa\u0107?<\/h2>\n\n\n\n<p>Napisz do nas na adres: ul. Twardowskiego 65, 30-346 Krak\u00f3w lub na adres poczty elektronicznej <a href=\"mailto:ado@start.com.pl\">ado@start.com.pl<\/a>&nbsp;&nbsp;<\/p>\n\n\n\n<h2 class=\"wp-block-heading\">Sk\u0105d mamy twoje dane?<\/h2>\n\n\n\n<p>Pozyskujemy je:<\/p>\n\n\n\n<p>a) od Ciebie, np. w zwi\u0105zku z wys\u0142aniem zapytania przez stron\u0119 www.zawi\u0142a65.pl, wys\u0142aniem wiadomo\u015bci na jakikolwiek adres pod domen\u0105 @zawi\u0142a65.pl lub @start.com.pl, udost\u0119pnienie swoich danych podczas kontaktu z nami (jak przyk\u0142adowo dzwoni\u0105c z niezastrze\u017conego numeru telefonu) lub podanie nam swoich danych w trakcie kontaktu osobistego lub telefonicznego, a nawet gdy przekazujesz naszym pracownikom swoj\u0105 wizyt\u00f3wk\u0119 na spotkaniu;<\/p>\n\n\n\n<p>b) od Twojego pracodawcy lub podmiotu, kt\u00f3ry reprezentujesz, w sytuacji gdy jest to zwi\u0105zane z wykonywaniem przez Ciebie obowi\u0105zk\u00f3w pracowniczych lub zawodowych;<\/p>\n\n\n\n<p>c) od podmiot\u00f3w trzecich takich jak: portale internetowe (np. rynekpierwotny.pl, dominium.pl, obido.pl), kt\u00f3rym przekaza\u0142e\u015b swoje dane osobowe;<\/p>\n\n\n\n<p>d) z monitoringu wizyjnego;&nbsp;<\/p>\n\n\n\n<p>e) z plik\u00f3w cookies w zwi\u0105zku z korzystaniem przez Ciebie ze strony internetowej <a href=\"http:\/\/www.zawila65.com.pl\">www.zawila65.com.pl<\/a>.<\/p>\n\n\n\n<h2 class=\"wp-block-heading\">Jakie rodzaje Twoich danych osobowych przetwarzamy?<\/h2>\n\n\n\n<p>Rodzaje danych s\u0105 r\u00f3\u017cne ze wzgl\u0119du na \u017ar\u00f3d\u0142o ich pozyskania. Wyr\u00f3\u017cniamy tutaj:<\/p>\n\n\n\n<p>a. dane identyfikacyjne i kontaktowe, takie jak np. twoje imi\u0119 i nazwisko, stanowisko i miejsce pracy, adres zamieszkania, numer telefonu, numer PESEL, NIP, adres e-mail,<\/p>\n\n\n\n<p>b. dane dotycz\u0105ce Twoich preferencji oraz zainteresowa\u0144 ofert\u0105, takie jak np. wielko\u015b\u0107, lokalizacja, uk\u0142ad mieszkania, kt\u00f3re Ci\u0119 interesuje,<\/p>\n\n\n\n<p>c. wizerunek utrwalony na urz\u0105dzeniach rejestruj\u0105cych (monitoring).<\/p>\n\n\n\n<h2 class=\"wp-block-heading\">Kto jest odbiorc\u0105 Twoich danych osobowych?<\/h2>\n\n\n\n<p>a. podmioty, kt\u00f3rym zlecamy wykonywanie us\u0142ug zwi\u0105zanych z przetwarzaniem danych osobowych (przetwarzaj\u0105cy), b\u0119d\u0105 to np. portale internetowe, przez kt\u00f3re mo\u017cesz znale\u017a\u0107 nasz\u0105 ofert\u0119 i wys\u0142a\u0107 do nas zapytanie dotycz\u0105ce konkretnego lokalu \/ powierzchni do wynaj\u0119cia,<\/p>\n\n\n\n<p>b. Sp\u00f3\u0142ki powi\u0105zane kapita\u0142owo lub osobowo z PB START, je\u017celi zachodzi prawnie uzasadniony interes w przes\u0142aniu danych osobowych do realizacji wewn\u0119trznych cel\u00f3w administracyjnych wszystkich sp\u00f3\u0142ek tworz\u0105cych Grup\u0119 START,<\/p>\n\n\n\n<p>c. inni odbiorcy danych \u2013 np. banki, doradcy podatkowi, kancelarie prawne, firmy pocztowe czy kurierskie, dostawcy i administratorzy system\u00f3w informatycznych, podmioty \u015bwiadcz\u0105ce us\u0142ugi wsparcia informatycznego, podmioty \u015bwiadcz\u0105ce us\u0142ugi ochrony, itp.<\/p>\n\n\n\n<h2 class=\"wp-block-heading\">Profilowanie&nbsp;<\/h2>\n\n\n\n<p>Dane osobowe (zbierane za po\u015brednictwem plik\u00f3w cookies) mog\u0105 by\u0107 profilowane. Jednak\u017ce dane nie b\u0119d\u0105 podlega\u0107 zautomatyzowanemu podejmowaniu decyzji, w tym o profilowaniu, o kt\u00f3rym mowa w art. 22 ust. 1 i 4 RODO.&nbsp;<\/p>\n\n\n\n<h2 class=\"wp-block-heading\">Czy Twoje dane trafi\u0105 poza Europejski Obszar Gospodarczy (EOG)?<\/h2>\n\n\n\n<p>Obecnie nie planujemy przekaza\u0107 twoich danych poza obszar EOG. Ale mo\u017ce okaza\u0107 si\u0119, \u017ce podczas trwania umowy zdecydujemy si\u0119 na przekazanie danych poza obszar EOG \u2013 wy\u0142\u0105cznie w zakresie na jaki pozwala\u0107 b\u0119dzie prawo.<\/p>\n\n\n\n<h2 class=\"wp-block-heading\">Czy musisz poda\u0107 nam swoje dane osobowe?<\/h2>\n\n\n\n<p>Nie, ale w pewnych przypadkach dla wykonania okre\u015blonej czynno\u015bci jak np. zawarcie i realizacja umowy b\u0119dzie to niezb\u0119dne. Je\u017celi wykorzystanie przez nas Twoich danych osobowych nie jest konieczne do zawarcia i wykonania umowy, realizacji obowi\u0105zku prawnego lub nie stanowi naszego lub strony trzeciej prawnie uzasadnionego interesu, to w takim przypadku my, jako Administrator, prosimy o twoj\u0105 osobn\u0105 zgod\u0119 na okre\u015blone sposoby wykorzystania Twoich danych. Zgoda ta mo\u017ce by\u0107 w ka\u017cdej chwili wycofana.&nbsp;<\/p>\n\n\n\n<p>Powy\u017csze nie dotyczy zbierania danych z monitoringu (wizerunek), ze wzgl\u0119du na charakter danych i cel ich zbierania (opisany powy\u017cej).&nbsp;&nbsp;<\/p>\n\n\n\n<h2 class=\"wp-block-heading\">Jakie przys\u0142uguj\u0105 Tobie uprawnienia?<\/h2>\n\n\n\n<p>W zwi\u0105zku z przetwarzaniem przez nas Twoich danych przys\u0142uguje Ci szereg uprawnie\u0144. Mo\u017cesz z nich skorzysta\u0107, jak r\u00f3wnie\u017c uzyska\u0107 wi\u0119cej wyja\u015bnie\u0144, kontaktuj\u0105c si\u0119 z nami.<\/p>\n\n\n\n<h2 class=\"wp-block-heading\">Twoje prawa to:<\/h2>\n\n\n\n<p>a. prawo \u017c\u0105dania od nas dost\u0119pu do swoich danych osobowych oraz prawo do ich sprostowania, usuni\u0119cia (\u201eprawo do bycia zapomnianym\u201d),<\/p>\n\n\n\n<p>b. prawo wniesienia sprzeciwu wobec przetwarzania danych osobowych na potrzeby marketingu bezpo\u015bredniego, kt\u00f3re powoduje zaprzestanie przetwarzania przez nas Twoich danych w celach marketingu bezpo\u015bredniego,<\/p>\n\n\n\n<p>c. prawo do wniesienia sprzeciwu z przyczyn zwi\u0105zanych z Twoj\u0105 szczeg\u00f3ln\u0105 sytuacj\u0105, je\u015bli Twoje dane osobowe przetwarzamy na podstawie prawnie uzasadnionego interesu. Jednak\u017ce b\u0119dziemy dalej przetwarza\u0107 dane osobowe w niezb\u0119dnym zakresie, je\u017celi po naszej stronie b\u0119dzie istnia\u0142 uzasadniony pow\u00f3d ku temu,<\/p>\n\n\n\n<p>d. prawo do przenoszenia danych przetwarzanych w zwi\u0105zku z wykonaniem umowy lub na podstawie Twojej zgody oraz prawo do ograniczenia przetwarzania danych,<\/p>\n\n\n\n<p>e. je\u017celi podstaw\u0105 przetwarzania danych osobowych jest Twoja zgoda, posiadasz prawo do cofni\u0119cia tej zgody w dowolnym momencie. Przypominamy, \u017ce cofni\u0119cie zgody nie wp\u0142ywa jednak na zgodno\u015b\u0107 z prawem przetwarzania przez nas Twoich danych osobowych, kt\u00f3rego dokonali\u015bmy na podstawie zgody przed jej cofni\u0119ciem.<\/p>\n\n\n\n<h2 class=\"wp-block-heading\">Kto jest organem nadzorczym i czy mog\u0119 wnie\u015b\u0107 skarg\u0119?<\/h2>\n\n\n\n<p>Je\u017celi uwa\u017casz, \u017ce przetwarzanie przez nas Twoich danych osobowych narusza przepisy prawa, mo\u017cesz wnie\u015b\u0107 skarg\u0119 do organu nadzorczego, kt\u00f3ry zajmuje si\u0119 ochron\u0105 danych osobowych. W Polsce jest to Prezes Urz\u0119du Ochrony Danych Osobowych.<\/p>\n\n\n\n<h2 class=\"wp-block-heading\">Wi\u0119cej informacji<\/h2>\n\n\n\n<p>Ponadto, mo\u017cesz by\u0107 adresatem dzia\u0142a\u0144 remarketingowych, kt\u00f3re najcz\u0119\u015bciej oparte b\u0119d\u0105 o dane statystyczne, niestanowi\u0105ce danych osobowych. Oznacza to, i\u017c osobom odwiedzaj\u0105cym nasz\u0105 strony internetowe mog\u0105 zosta\u0107 wy\u015bwietlone tre\u015bci reklamowe dotycz\u0105ce inwestycji PB START podczas pobytu na innych stronach internetowych.<\/p>\n\n\n\n<h2 class=\"wp-block-heading\">Informacje o zmianach<\/h2>\n\n\n\n<p>Postanowienia Polityki prywatno\u015bci obowi\u0105zuj\u0105 <strong>od 22 maja 2023 roku<\/strong> i mog\u0105 podlega\u0107 dalszym zmianom. Niniejsza polityka jako\u015bci, dla jej lepszej czytelno\u015bci, stanowi wersj\u0119 dostosowan\u0105 dla os\u00f3b zainteresowanych lub zwi\u0105zanych z nieruchomo\u015bci PB START przy ul. Zawi\u0142ej 65x, 65y, 65z w Krakowie. Pe\u0142na wersja Polityki prywatno\u015bci sp\u00f3\u0142ki jest zamieszczona na stronie www.start.com.pl.<\/p>\n\n\n\n<p><\/p>\n<\/div>\n<\/div>\n\n\n\n<p><\/p>","protected":false},"excerpt":{"rendered":"<p>Polityka prywatno\u015bci: Niniejsza polityka prywatno\u015bci ma zastosowanie do danych osobowych przekazanych nam poprzez stron\u0119 internetow\u0105 www.zawila65.pl&nbsp; jak r\u00f3wnie\u017c danych osobowych pozyskanych przez nas w toku bie\u017c\u0105cej dzia\u0142alno\u015bci gospodarczej, przy czym do: a) danych osobowych przetwarzanych w zwi\u0105zku z przygotowaniem, zawieraniem i realizacj\u0105 um\u00f3w, a tak\u017ce czynno\u015bciom poprzedzaj\u0105cym zawarcie umowy (w tym proces ofertowy, czynno\u015bci marketingowe) &#8230; <br \/><a class=\"read-more\" href=\"https:\/\/www.zawila65.pl\/en\/polityka-prywatnosci\/\">Read More<\/a><\/p>","protected":false},"author":1,"featured_media":0,"parent":0,"menu_order":0,"comment_status":"closed","ping_status":"closed","template":"","meta":{"inline_featured_image":false,"footnotes":""},"class_list":["post-29","page","type-page","status-publish","hentry"],"yoast_head":"<!-- This site is optimized with the Yoast SEO plugin v23.0 - https:\/\/yoast.com\/wordpress\/plugins\/seo\/ -->\n<title>Wynajem biura Krak\u00f3w, Lokale u\u017cytkowe Krak\u00f3w<\/title>\n<meta name=\"description\" content=\"Wynajmij biuro w Krakowie i rozwijaj sw\u00f3j biznes w historycznym miejscu dostosowanym do nawet najwi\u0119kszych wymaga\u0144. Strategiczna lokalizacja.\" \/>\n<meta name=\"robots\" content=\"index, follow, max-snippet:-1, max-image-preview:large, max-video-preview:-1\" \/>\n<link rel=\"canonical\" href=\"https:\/\/www.zawila65.pl\/en\/polityka-prywatnosci\/\" \/>\n<meta property=\"og:locale\" content=\"en_US\" \/>\n<meta property=\"og:type\" content=\"article\" \/>\n<meta property=\"og:title\" content=\"Wynajem biura Krak\u00f3w, Lokale u\u017cytkowe Krak\u00f3w\" \/>\n<meta property=\"og:description\" content=\"Wynajmij biuro w Krakowie i rozwijaj sw\u00f3j biznes w historycznym miejscu dostosowanym do nawet najwi\u0119kszych wymaga\u0144. Strategiczna lokalizacja.\" \/>\n<meta property=\"og:url\" content=\"https:\/\/www.zawila65.pl\/en\/polityka-prywatnosci\/\" \/>\n<meta property=\"og:site_name\" content=\"Zawi\u0142a 65 - Wynajem biura Krak\u00f3w, Lokale u\u017cytkowe Krak\u00f3w\" \/>\n<meta property=\"article:modified_time\" content=\"2023-07-11T11:26:02+00:00\" \/>\n<meta name=\"twitter:card\" content=\"summary_large_image\" \/>\n<meta name=\"twitter:label1\" content=\"Est. reading time\" \/>\n\t<meta name=\"twitter:data1\" content=\"13 minutes\" \/>\n<script type=\"application\/ld+json\" class=\"yoast-schema-graph\">{\"@context\":\"https:\/\/schema.org\",\"@graph\":[{\"@type\":\"WebPage\",\"@id\":\"https:\/\/www.zawila65.pl\/polityka-prywatnosci\/\",\"url\":\"https:\/\/www.zawila65.pl\/polityka-prywatnosci\/\",\"name\":\"Wynajem biura Krak\u00f3w, Lokale u\u017cytkowe Krak\u00f3w\",\"isPartOf\":{\"@id\":\"https:\/\/www.zawila65.pl\/#website\"},\"datePublished\":\"2023-04-11T12:56:01+00:00\",\"dateModified\":\"2023-07-11T11:26:02+00:00\",\"description\":\"Wynajmij biuro w Krakowie i rozwijaj sw\u00f3j biznes w historycznym miejscu dostosowanym do nawet najwi\u0119kszych wymaga\u0144. Strategiczna lokalizacja.\",\"breadcrumb\":{\"@id\":\"https:\/\/www.zawila65.pl\/polityka-prywatnosci\/#breadcrumb\"},\"inLanguage\":\"en-US\",\"potentialAction\":[{\"@type\":\"ReadAction\",\"target\":[\"https:\/\/www.zawila65.pl\/polityka-prywatnosci\/\"]}]},{\"@type\":\"BreadcrumbList\",\"@id\":\"https:\/\/www.zawila65.pl\/polityka-prywatnosci\/#breadcrumb\",\"itemListElement\":[{\"@type\":\"ListItem\",\"position\":1,\"name\":\"Strona g\u0142\u00f3wna\",\"item\":\"https:\/\/www.zawila65.pl\/\"},{\"@type\":\"ListItem\",\"position\":2,\"name\":\"Informacje prawne\"}]},{\"@type\":\"WebSite\",\"@id\":\"https:\/\/www.zawila65.pl\/#website\",\"url\":\"https:\/\/www.zawila65.pl\/\",\"name\":\"Wynajem biura Krak\u00f3w, Lokale u\u017cytkowe Krak\u00f3w\",\"description\":\"Wynajmij biuro w Krakowie i rozwijaj sw\u00f3j biznes w historycznym miejscu dostosowanym do nawet najwi\u0119kszych wymaga\u0144. Strategiczna lokalizacja\",\"publisher\":{\"@id\":\"https:\/\/www.zawila65.pl\/#organization\"},\"potentialAction\":[{\"@type\":\"SearchAction\",\"target\":{\"@type\":\"EntryPoint\",\"urlTemplate\":\"https:\/\/www.zawila65.pl\/?s={search_term_string}\"},\"query-input\":\"required name=search_term_string\"}],\"inLanguage\":\"en-US\"},{\"@type\":\"Organization\",\"@id\":\"https:\/\/www.zawila65.pl\/#organization\",\"name\":\"Wynajmij biuro w Krakowie i rozwijaj sw\u00f3j biznes w historycznym miejscu dostosowanym do nawet najwi\u0119kszych wymaga\u0144. Strategiczna lokalizacja.\",\"url\":\"https:\/\/www.zawila65.pl\/\",\"logo\":{\"@type\":\"ImageObject\",\"inLanguage\":\"en-US\",\"@id\":\"https:\/\/www.zawila65.pl\/#\/schema\/logo\/image\/\",\"url\":\"https:\/\/www.zawila65.pl\/wp-content\/uploads\/2023\/04\/Kontakt-2-1.png\",\"contentUrl\":\"https:\/\/www.zawila65.pl\/wp-content\/uploads\/2023\/04\/Kontakt-2-1.png\",\"width\":64,\"height\":64,\"caption\":\"Wynajmij biuro w Krakowie i rozwijaj sw\u00f3j biznes w historycznym miejscu dostosowanym do nawet najwi\u0119kszych wymaga\u0144. Strategiczna lokalizacja.\"},\"image\":{\"@id\":\"https:\/\/www.zawila65.pl\/#\/schema\/logo\/image\/\"}}]}<\/script>\n<!-- \/ Yoast SEO plugin. -->","yoast_head_json":{"title":"Wynajem biura Krak\u00f3w, Lokale u\u017cytkowe Krak\u00f3w","description":"Wynajmij biuro w Krakowie i rozwijaj sw\u00f3j biznes w historycznym miejscu dostosowanym do nawet najwi\u0119kszych wymaga\u0144. Strategiczna lokalizacja.","robots":{"index":"index","follow":"follow","max-snippet":"max-snippet:-1","max-image-preview":"max-image-preview:large","max-video-preview":"max-video-preview:-1"},"canonical":"https:\/\/www.zawila65.pl\/en\/polityka-prywatnosci\/","og_locale":"en_US","og_type":"article","og_title":"Wynajem biura Krak\u00f3w, Lokale u\u017cytkowe Krak\u00f3w","og_description":"Wynajmij biuro w Krakowie i rozwijaj sw\u00f3j biznes w historycznym miejscu dostosowanym do nawet najwi\u0119kszych wymaga\u0144. Strategiczna lokalizacja.","og_url":"https:\/\/www.zawila65.pl\/en\/polityka-prywatnosci\/","og_site_name":"Zawi\u0142a 65 - Wynajem biura Krak\u00f3w, Lokale u\u017cytkowe Krak\u00f3w","article_modified_time":"2023-07-11T11:26:02+00:00","twitter_card":"summary_large_image","twitter_misc":{"Est. reading time":"13 minutes"},"schema":{"@context":"https:\/\/schema.org","@graph":[{"@type":"WebPage","@id":"https:\/\/www.zawila65.pl\/polityka-prywatnosci\/","url":"https:\/\/www.zawila65.pl\/polityka-prywatnosci\/","name":"Wynajem biura Krak\u00f3w, Lokale u\u017cytkowe Krak\u00f3w","isPartOf":{"@id":"https:\/\/www.zawila65.pl\/#website"},"datePublished":"2023-04-11T12:56:01+00:00","dateModified":"2023-07-11T11:26:02+00:00","description":"Wynajmij biuro w Krakowie i rozwijaj sw\u00f3j biznes w historycznym miejscu dostosowanym do nawet najwi\u0119kszych wymaga\u0144. Strategiczna lokalizacja.","breadcrumb":{"@id":"https:\/\/www.zawila65.pl\/polityka-prywatnosci\/#breadcrumb"},"inLanguage":"en-US","potentialAction":[{"@type":"ReadAction","target":["https:\/\/www.zawila65.pl\/polityka-prywatnosci\/"]}]},{"@type":"BreadcrumbList","@id":"https:\/\/www.zawila65.pl\/polityka-prywatnosci\/#breadcrumb","itemListElement":[{"@type":"ListItem","position":1,"name":"Strona g\u0142\u00f3wna","item":"https:\/\/www.zawila65.pl\/"},{"@type":"ListItem","position":2,"name":"Informacje prawne"}]},{"@type":"WebSite","@id":"https:\/\/www.zawila65.pl\/#website","url":"https:\/\/www.zawila65.pl\/","name":"Wynajem biura Krak\u00f3w, Lokale u\u017cytkowe Krak\u00f3w","description":"Wynajmij biuro w Krakowie i rozwijaj sw\u00f3j biznes w historycznym miejscu dostosowanym do nawet najwi\u0119kszych wymaga\u0144. Strategiczna lokalizacja","publisher":{"@id":"https:\/\/www.zawila65.pl\/#organization"},"potentialAction":[{"@type":"SearchAction","target":{"@type":"EntryPoint","urlTemplate":"https:\/\/www.zawila65.pl\/?s={search_term_string}"},"query-input":"required name=search_term_string"}],"inLanguage":"en-US"},{"@type":"Organization","@id":"https:\/\/www.zawila65.pl\/#organization","name":"Wynajmij biuro w Krakowie i rozwijaj sw\u00f3j biznes w historycznym miejscu dostosowanym do nawet najwi\u0119kszych wymaga\u0144. Strategiczna lokalizacja.","url":"https:\/\/www.zawila65.pl\/","logo":{"@type":"ImageObject","inLanguage":"en-US","@id":"https:\/\/www.zawila65.pl\/#\/schema\/logo\/image\/","url":"https:\/\/www.zawila65.pl\/wp-content\/uploads\/2023\/04\/Kontakt-2-1.png","contentUrl":"https:\/\/www.zawila65.pl\/wp-content\/uploads\/2023\/04\/Kontakt-2-1.png","width":64,"height":64,"caption":"Wynajmij biuro w Krakowie i rozwijaj sw\u00f3j biznes w historycznym miejscu dostosowanym do nawet najwi\u0119kszych wymaga\u0144. Strategiczna lokalizacja."},"image":{"@id":"https:\/\/www.zawila65.pl\/#\/schema\/logo\/image\/"}}]}},"_links":{"self":[{"href":"https:\/\/www.zawila65.pl\/en\/wp-json\/wp\/v2\/pages\/29","targetHints":{"allow":["GET"]}}],"collection":[{"href":"https:\/\/www.zawila65.pl\/en\/wp-json\/wp\/v2\/pages"}],"about":[{"href":"https:\/\/www.zawila65.pl\/en\/wp-json\/wp\/v2\/types\/page"}],"author":[{"embeddable":true,"href":"https:\/\/www.zawila65.pl\/en\/wp-json\/wp\/v2\/users\/1"}],"replies":[{"embeddable":true,"href":"https:\/\/www.zawila65.pl\/en\/wp-json\/wp\/v2\/comments?post=29"}],"version-history":[{"count":36,"href":"https:\/\/www.zawila65.pl\/en\/wp-json\/wp\/v2\/pages\/29\/revisions"}],"predecessor-version":[{"id":305,"href":"https:\/\/www.zawila65.pl\/en\/wp-json\/wp\/v2\/pages\/29\/revisions\/305"}],"wp:attachment":[{"href":"https:\/\/www.zawila65.pl\/en\/wp-json\/wp\/v2\/media?parent=29"}],"curies":[{"name":"wp","href":"https:\/\/api.w.org\/{rel}","templated":true}]}}